{"id":386101,"date":"2026-08-12T14:53:31","date_gmt":"2026-08-12T17:53:31","guid":{"rendered":"https:\/\/www.imobiliariajc2.com.br\/novo\/im\u00f3vel\/ref-150-center-lorenz-cristiane-601\/"},"modified":"2026-08-12T16:32:14","modified_gmt":"2026-08-12T19:32:14","slug":"ref-150-center-lorenz-cristiane-601","status":"publish","type":"property","link":"https:\/\/www.imobiliariajc2.com.br\/novo\/property\/ref-150-center-lorenz-cristiane-601\/","title":{"rendered":"Ref. 150 &#8211; Center Lorenz Cristiane &#8211; 601"},"content":{"rendered":"<p><span style=\"font-size: 1rem; letter-spacing: 0.00714286em;\"><u>EXCELENTE COBERTURA COM\u00a0EXCELENTE\u00a0LOCALIZA\u00c7\u00c3O\u00a0NA\u00a0MEIA\u00a0PRAIA:<\/u><\/span><\/p>\n<p>LINDA COBERTURA COM 4\u00a0 DORMIT\u00d3RIOS,\u00a0sendo\u00a002 su\u00edte\u00a0com\u00a0cama\u00a0casal\u00a0e\u00a0ar\u00a0split\u00a0e\u00a0sacada\u00a0individual,\u00a001\u00a0dormit\u00f3rio\u00a0com\u00a01\u00a0cama\u00a0de\u00a0casal\u00a0box\u00a0e 01 dormit\u00f3rio com 2\u00a0camas\u00a0de\u00a0solteiro\u00a0com\u00a0ar\u00a0split,\u00a0sala\u00a0de\u00a0estar\u00a0e\u00a0jantar\u00a0com\u00a0sof\u00e1,\u00a0televis\u00e3o\u00a0e\u00a0wifi,\u00a0sala\u00a0de\u00a0jantar\u00a0integrada\u00a0com\u00a0mesa\u00a0e\u00a0cadeiras com vista pra o mar,\u00a0cozinha\u00a0completa\u00a0com\u00a0todos\u00a0os\u00a0utens\u00edlios\u00a0dom\u00e9sticos\u00a0como\u00a0pratos,\u00a0talheres,\u00a0panelas,\u00a0xicaras\u00a0etc&#8230;,\u00a0geladeira\u00a0duplex,\u00a0fog\u00e3o,\u00a0micro-ondas,\u00a0\u00e1rea\u00a0de\u00a0servi\u00e7o\u00a0com\u00a0m\u00e1quina\u00a0de\u00a0lavar\u00a0roupas\u00a0e\u00a0tanque,\u00a0sacada\u00a0com\u00a0churrasqueira\u00a0de\u00a0frente\u00a0para o mar com amplia sacada,\u00a002 vaga\u00a0de\u00a0garagem\u00a0privativa e cobertas,\u00a0pr\u00e9dio\u00a0com\u00a0elevador\u00a0e a entrada seria lateral pra o mar,\u00a0na\u00a0melhor\u00a0localiza\u00e7\u00e3o\u00a0de\u00a0mar\u00a0da\u00a0Meia\u00a0Praia,\u00a0proximidades\u00a0de\u00a0Bancos,\u00a0restaurantes,\u00a0bares,\u00a0conveni\u00eancias.\u00a0<\/p>\n<p><\/p>\n<h2 class=\"title-left\">Per\u00edodos Especiais<\/h2>\n<p>In\u00edcio: 01\/12\/2026\u00a0 Fim: 23\/12\/2026 Valor: R$ 1000\u00a0<br \/>\nIn\u00edcio: 24\/12\/2026\u00a0 Fim: 04\/01\/2027 Valor: R$ 2300\u00a0<br \/>\nIn\u00edcio: 05\/01\/2027\u00a0 Fim: 31\/01\/2027 Valor: R$ 2000\u00a0<br \/>\nIn\u00edcio: 01\/02\/2027\u00a0 Fim: 28\/02\/2027 Valor: R$ 1700\u00a0<br \/>\nIn\u00edcio: 01\/03\/2027\u00a0 Fim: 31\/03\/2027 Valor: R$ 1400\u00a0 <\/p>\n<p>&nbsp;<\/p>\n<div class=\"property-description detail-block\">\n<div class=\"detail-title\">\n<h2 class=\"title-left\">Calend\u00e1rio de Ocupa\u00e7\u00e3o<\/h2>\n<\/div>\n<\/div>\n<div id=\"calendar-container\"><\/div>\n","protected":false},"excerpt":{"rendered":"<p>EXCELENTE COBERTURA COM\u00a0EXCELENTE\u00a0LOCALIZA\u00c7\u00c3O\u00a0NA\u00a0MEIA\u00a0PRAIA: LINDA COBERTURA COM 4\u00a0 DORMIT\u00d3RIOS,\u00a0sendo\u00a002 su\u00edte\u00a0com\u00a0cama\u00a0casal\u00a0e\u00a0ar\u00a0split\u00a0e\u00a0sacada\u00a0individual,\u00a001\u00a0dormit\u00f3rio\u00a0com\u00a01\u00a0cama\u00a0de\u00a0casal\u00a0box\u00a0e 01 dormit\u00f3rio com 2\u00a0camas\u00a0de\u00a0solteiro\u00a0com\u00a0ar\u00a0split,\u00a0sala\u00a0de\u00a0estar\u00a0e\u00a0jantar\u00a0com\u00a0sof\u00e1,\u00a0televis\u00e3o\u00a0e\u00a0wifi,\u00a0sala\u00a0de\u00a0jantar\u00a0integrada\u00a0com\u00a0mesa\u00a0e\u00a0cadeiras com vista pra o mar,\u00a0cozinha\u00a0completa\u00a0com\u00a0todos\u00a0os\u00a0utens\u00edlios\u00a0dom\u00e9sticos\u00a0como\u00a0pratos,\u00a0talheres,\u00a0panelas,\u00a0xicaras\u00a0etc&#8230;,\u00a0geladeira\u00a0duplex,\u00a0fog\u00e3o,\u00a0micro-ondas,\u00a0\u00e1rea\u00a0de\u00a0servi\u00e7o\u00a0com\u00a0m\u00e1quina\u00a0de\u00a0lavar\u00a0roupas\u00a0e\u00a0tanque,\u00a0sacada\u00a0com\u00a0churrasqueira\u00a0de\u00a0frente\u00a0para o mar com amplia sacada,\u00a002 vaga\u00a0de\u00a0garagem\u00a0privativa e cobertas,\u00a0pr\u00e9dio\u00a0com\u00a0elevador\u00a0e a entrada seria lateral pra o mar,\u00a0na\u00a0melhor\u00a0localiza\u00e7\u00e3o\u00a0de\u00a0mar\u00a0da\u00a0Meia\u00a0Praia,\u00a0proximidades\u00a0de\u00a0Bancos,\u00a0restaurantes,\u00a0bares,\u00a0conveni\u00eancias.\u00a0 Per\u00edodos Especiais In\u00edcio: 01\/12\/2026\u00a0 Fim: 23\/12\/2026 Valor: R$ 1000\u00a0 In\u00edcio: 24\/12\/2026\u00a0 Fim: 04\/01\/2027 Valor: R$ 2300\u00a0 In\u00edcio: 05\/01\/2027\u00a0 Fim: 31\/01\/2027 Valor: R$&#8230;<\/p>\n","protected":false},"author":0,"featured_media":458508,"parent":0,"menu_order":0,"comment_status":"closed","ping_status":"closed","template":"","im\u00f3vel-caracter\u00edsticas":[61,77,83,64,57,112,65,84,79,113,102,59,62,120],"im\u00f3vel-tipos":[67,207],"im\u00f3veis-cidades":[185,186],"im\u00f3vel-estados":[71,150],"class_list":["post-386101","property","type-property","status-publish","has-post-thumbnail","hentry","property-feature-acab-em-gesso","property-feature-area-de-servico","property-feature-box-de-praia","property-feature-churrasqueira","property-feature-cozinha","property-feature-instalacao-telef","property-feature-lavabo","property-feature-living","property-feature-medidor-individual","property-feature-sacada-fechada","property-feature-sacada-independente","property-feature-tubulacao-p-ar-split","property-feature-vista-p-o-mar","property-feature-wi-fi","property-type-apartamento","property-type-padrao","property-city-itapema","property-city-meia-praia","property-status-pronto-para-morar","property-status-temporada"],"property_meta":{"REAL_HOMES_property_price":"2300","REAL_HOMES_property_old_price":"","REAL_HOMES_property_price_prefix":"","REAL_HOMES_property_price_postfix":"","REAL_HOMES_property_size":"0","REAL_HOMES_property_size_postfix":"m\u00b2","REAL_HOMES_property_lot_size":"","REAL_HOMES_property_lot_size_postfix":"","REAL_HOMES_property_bedrooms":"4","REAL_HOMES_property_bathrooms":"4","REAL_HOMES_property_garage":"2","REAL_HOMES_property_id":"150","REAL_HOMES_property_year_built":"","REAL_HOMES_featured":"1","REAL_HOMES_additional_details_list":[["Dormit\u00f3rios","4 sendo 2 su\u00edtes"],["\u00c1rea \u00datil","0 m\u00b2"],["Su\u00edtes","2"],["Valor da Faxina","R$ 400"],["Valor Venda","Consulte"],["Valor Loca\u00e7\u00e3o","Consulte"],["M\u00e1ximo de Pessoas","10"]],"REAL_HOMES_property_location":{"latitude":"-27.119628831282643","longitude":"-48.606573441000364","zoom":""},"REAL_HOMES_property_address":"NEREU RAMOS - Meia Praia, Itapema - SC, Brasil","REAL_HOMES_property_map":"0","REAL_HOMES_property_images":[{"width":150,"height":150,"file":"2026\/08\/i44218_foto26.jpg","filesize":105345,"sizes":{"medium":{"file":"i44218_foto26-300x225.jpg","width":300,"height":225,"mime-type":"image\/jpeg","filesize":13848,"url":"https:\/\/www.imobiliariajc2.com.br\/novo\/wp-content\/uploads\/2026\/08\/i44218_foto26-300x225.jpg"},"thumbnail":{"file":"i44218_foto26-150x150.jpg","width":150,"height":150,"mime-type":"image\/jpeg","filesize":6297,"url":"https:\/\/www.imobiliariajc2.com.br\/novo\/wp-content\/uploads\/2026\/08\/i44218_foto26-150x150.jpg"},"medium_large":{"file":"i44218_foto26-768x576.jpg","width":768,"height":576,"mime-type":"image\/jpeg","filesize":59871,"url":"https:\/\/www.imobiliariajc2.com.br\/novo\/wp-content\/uploads\/2026\/08\/i44218_foto26-768x576.jpg"},"post-thumbnail":{"file":"i44218_foto26-150x113.jpg","width":150,"height":113,"mime-type":"image\/jpeg","filesize":5115,"url":"https:\/\/www.imobiliariajc2.com.br\/novo\/wp-content\/uploads\/2026\/08\/i44218_foto26-150x113.jpg"},"modern-property-child-slider":{"file":"i44218_foto26-680x510.jpg","width":680,"height":510,"mime-type":"image\/jpeg","filesize":49466,"url":"https:\/\/www.imobiliariajc2.com.br\/novo\/wp-content\/uploads\/2026\/08\/i44218_foto26-680x510.jpg"},"property-thumb-image":{"file":"i44218_foto26-488x326.jpg","width":488,"height":326,"mime-type":"image\/jpeg","filesize":26712,"url":"https:\/\/www.imobiliariajc2.com.br\/novo\/wp-content\/uploads\/2026\/08\/i44218_foto26-488x326.jpg"},"property-detail-video-image":{"file":"i44218_foto26-800x417.jpg","width":800,"height":417,"mime-type":"image\/jpeg","filesize":51310,"url":"https:\/\/www.imobiliariajc2.com.br\/novo\/wp-content\/uploads\/2026\/08\/i44218_foto26-800x417.jpg"},"agent-image":{"file":"i44218_foto26-210x210.jpg","width":210,"height":210,"mime-type":"image\/jpeg","filesize":10405,"url":"https:\/\/www.imobiliariajc2.com.br\/novo\/wp-content\/uploads\/2026\/08\/i44218_foto26-210x210.jpg"},"partners-logo":{"file":"i44218_foto26-600x600.jpg","width":600,"height":600,"mime-type":"image\/jpeg","filesize":56235,"url":"https:\/\/www.imobiliariajc2.com.br\/novo\/wp-content\/uploads\/2026\/08\/i44218_foto26-600x600.jpg"}},"image_meta":{"aperture":"0","credit":"","camera":"","caption":"","created_timestamp":"0","copyright":"","focal_length":"0","iso":"0","shutter_speed":"0","title":"","orientation":"0","keywords":[],"alt":""},"ID":"458508","name":"i44218_foto26.jpg","path":"\/home1\/imobiliariajc2\/public_html\/novo\/wp-content\/uploads\/2026\/08\/i44218_foto26.jpg","url":"https:\/\/www.imobiliariajc2.com.br\/novo\/wp-content\/uploads\/2026\/08\/i44218_foto26-150x150.jpg","full_url":"https:\/\/www.imobiliariajc2.com.br\/novo\/wp-content\/uploads\/2026\/08\/i44218_foto26.jpg","title":"i44218_foto26","caption":"","description":"","alt":"","srcset":"https:\/\/www.imobiliariajc2.com.br\/novo\/wp-content\/uploads\/2026\/08\/i44218_foto26-150x150.jpg 150w, https:\/\/www.imobiliariajc2.com.br\/novo\/wp-content\/uploads\/2026\/08\/i44218_foto26-210x210.jpg 210w, https:\/\/www.imobiliariajc2.com.br\/novo\/wp-content\/uploads\/2026\/08\/i44218_foto26-600x600.jpg 600w"},{"width":150,"height":150,"file":"2026\/08\/i44218_foto28.jpg","filesize":112528,"sizes":{"medium":{"file":"i44218_foto28-300x225.jpg","width":300,"height":225,"mime-type":"image\/jpeg","filesize":13129,"url":"https:\/\/www.imobiliariajc2.com.br\/novo\/wp-content\/uploads\/2026\/08\/i44218_foto28-300x225.jpg"},"thumbnail":{"file":"i44218_foto28-150x150.jpg","width":150,"height":150,"mime-type":"image\/jpeg","filesize":5715,"url":"https:\/\/www.imobiliariajc2.com.br\/novo\/wp-content\/uploads\/2026\/08\/i44218_foto28-150x150.jpg"},"medium_large":{"file":"i44218_foto28-768x576.jpg","width":768,"height":576,"mime-type":"image\/jpeg","filesize":61212,"url":"https:\/\/www.imobiliariajc2.com.br\/novo\/wp-content\/uploads\/2026\/08\/i44218_foto28-768x576.jpg"},"post-thumbnail":{"file":"i44218_foto28-150x113.jpg","width":150,"height":113,"mime-type":"image\/jpeg","filesize":4737,"url":"https:\/\/www.imobiliariajc2.com.br\/novo\/wp-content\/uploads\/2026\/08\/i44218_foto28-150x113.jpg"},"modern-property-child-slider":{"file":"i44218_foto28-680x510.jpg","width":680,"height":510,"mime-type":"image\/jpeg","filesize":50000,"url":"https:\/\/www.imobiliariajc2.com.br\/novo\/wp-content\/uploads\/2026\/08\/i44218_foto28-680x510.jpg"},"property-thumb-image":{"file":"i44218_foto28-488x326.jpg","width":488,"height":326,"mime-type":"image\/jpeg","filesize":26073,"url":"https:\/\/www.imobiliariajc2.com.br\/novo\/wp-content\/uploads\/2026\/08\/i44218_foto28-488x326.jpg"},"property-detail-video-image":{"file":"i44218_foto28-800x417.jpg","width":800,"height":417,"mime-type":"image\/jpeg","filesize":54486,"url":"https:\/\/www.imobiliariajc2.com.br\/novo\/wp-content\/uploads\/2026\/08\/i44218_foto28-800x417.jpg"},"agent-image":{"file":"i44218_foto28-210x210.jpg","width":210,"height":210,"mime-type":"image\/jpeg","filesize":9493,"url":"https:\/\/www.imobiliariajc2.com.br\/novo\/wp-content\/uploads\/2026\/08\/i44218_foto28-210x210.jpg"},"partners-logo":{"file":"i44218_foto28-600x600.jpg","width":600,"height":600,"mime-type":"image\/jpeg","filesize":58768,"url":"https:\/\/www.imobiliariajc2.com.br\/novo\/wp-content\/uploads\/2026\/08\/i44218_foto28-600x600.jpg"}},"image_meta":{"aperture":"0","credit":"","camera":"","caption":"","created_timestamp":"0","copyright":"","focal_length":"0","iso":"0","shutter_speed":"0","title":"","orientation":"0","keywords":[],"alt":""},"ID":"458509","name":"i44218_foto28.jpg","path":"\/home1\/imobiliariajc2\/public_html\/novo\/wp-content\/uploads\/2026\/08\/i44218_foto28.jpg","url":"https:\/\/www.imobiliariajc2.com.br\/novo\/wp-content\/uploads\/2026\/08\/i44218_foto28-150x150.jpg","full_url":"https:\/\/www.imobiliariajc2.com.br\/novo\/wp-content\/uploads\/2026\/08\/i44218_foto28.jpg","title":"i44218_foto28","caption":"","description":"","alt":"","srcset":"https:\/\/www.imobiliariajc2.com.br\/novo\/wp-content\/uploads\/2026\/08\/i44218_foto28-150x150.jpg 150w, https:\/\/www.imobiliariajc2.com.br\/novo\/wp-content\/uploads\/2026\/08\/i44218_foto28-210x210.jpg 210w, https:\/\/www.imobiliariajc2.com.br\/novo\/wp-content\/uploads\/2026\/08\/i44218_foto28-600x600.jpg 600w"},{"width":150,"height":150,"file":"2026\/08\/i44218_foto27.jpg","filesize":108915,"sizes":{"medium":{"file":"i44218_foto27-300x225.jpg","width":300,"height":225,"mime-type":"image\/jpeg","filesize":14621,"url":"https:\/\/www.imobiliariajc2.com.br\/novo\/wp-content\/uploads\/2026\/08\/i44218_foto27-300x225.jpg"},"thumbnail":{"file":"i44218_foto27-150x150.jpg","width":150,"height":150,"mime-type":"image\/jpeg","filesize":6098,"url":"https:\/\/www.imobiliariajc2.com.br\/novo\/wp-content\/uploads\/2026\/08\/i44218_foto27-150x150.jpg"},"medium_large":{"file":"i44218_foto27-768x576.jpg","width":768,"height":576,"mime-type":"image\/jpeg","filesize":62448,"url":"https:\/\/www.imobiliariajc2.com.br\/novo\/wp-content\/uploads\/2026\/08\/i44218_foto27-768x576.jpg"},"post-thumbnail":{"file":"i44218_foto27-150x113.jpg","width":150,"height":113,"mime-type":"image\/jpeg","filesize":5385,"url":"https:\/\/www.imobiliariajc2.com.br\/novo\/wp-content\/uploads\/2026\/08\/i44218_foto27-150x113.jpg"},"modern-property-child-slider":{"file":"i44218_foto27-680x510.jpg","width":680,"height":510,"mime-type":"image\/jpeg","filesize":52015,"url":"https:\/\/www.imobiliariajc2.com.br\/novo\/wp-content\/uploads\/2026\/08\/i44218_foto27-680x510.jpg"},"property-thumb-image":{"file":"i44218_foto27-488x326.jpg","width":488,"height":326,"mime-type":"image\/jpeg","filesize":28523,"url":"https:\/\/www.imobiliariajc2.com.br\/novo\/wp-content\/uploads\/2026\/08\/i44218_foto27-488x326.jpg"},"property-detail-video-image":{"file":"i44218_foto27-800x417.jpg","width":800,"height":417,"mime-type":"image\/jpeg","filesize":55526,"url":"https:\/\/www.imobiliariajc2.com.br\/novo\/wp-content\/uploads\/2026\/08\/i44218_foto27-800x417.jpg"},"agent-image":{"file":"i44218_foto27-210x210.jpg","width":210,"height":210,"mime-type":"image\/jpeg","filesize":9975,"url":"https:\/\/www.imobiliariajc2.com.br\/novo\/wp-content\/uploads\/2026\/08\/i44218_foto27-210x210.jpg"},"partners-logo":{"file":"i44218_foto27-600x600.jpg","width":600,"height":600,"mime-type":"image\/jpeg","filesize":54330,"url":"https:\/\/www.imobiliariajc2.com.br\/novo\/wp-content\/uploads\/2026\/08\/i44218_foto27-600x600.jpg"}},"image_meta":{"aperture":"0","credit":"","camera":"","caption":"","created_timestamp":"0","copyright":"","focal_length":"0","iso":"0","shutter_speed":"0","title":"","orientation":"0","keywords":[],"alt":""},"ID":"458510","name":"i44218_foto27.jpg","path":"\/home1\/imobiliariajc2\/public_html\/novo\/wp-content\/uploads\/2026\/08\/i44218_foto27.jpg","url":"https:\/\/www.imobiliariajc2.com.br\/novo\/wp-content\/uploads\/2026\/08\/i44218_foto27-150x150.jpg","full_url":"https:\/\/www.imobiliariajc2.com.br\/novo\/wp-content\/uploads\/2026\/08\/i44218_foto27.jpg","title":"i44218_foto27","caption":"","description":"","alt":"","srcset":"https:\/\/www.imobiliariajc2.com.br\/novo\/wp-content\/uploads\/2026\/08\/i44218_foto27-150x150.jpg 150w, https:\/\/www.imobiliariajc2.com.br\/novo\/wp-content\/uploads\/2026\/08\/i44218_foto27-210x210.jpg 210w, https:\/\/www.imobiliariajc2.com.br\/novo\/wp-content\/uploads\/2026\/08\/i44218_foto27-600x600.jpg 600w"},{"width":150,"height":150,"file":"2026\/08\/i44218_foto32.jpg","filesize":70047,"sizes":{"medium":{"file":"i44218_foto32-300x225.jpg","width":300,"height":225,"mime-type":"image\/jpeg","filesize":9343,"url":"https:\/\/www.imobiliariajc2.com.br\/novo\/wp-content\/uploads\/2026\/08\/i44218_foto32-300x225.jpg"},"thumbnail":{"file":"i44218_foto32-150x150.jpg","width":150,"height":150,"mime-type":"image\/jpeg","filesize":4149,"url":"https:\/\/www.imobiliariajc2.com.br\/novo\/wp-content\/uploads\/2026\/08\/i44218_foto32-150x150.jpg"},"medium_large":{"file":"i44218_foto32-768x577.jpg","width":768,"height":577,"mime-type":"image\/jpeg","filesize":38358,"url":"https:\/\/www.imobiliariajc2.com.br\/novo\/wp-content\/uploads\/2026\/08\/i44218_foto32-768x577.jpg"},"post-thumbnail":{"file":"i44218_foto32-150x113.jpg","width":150,"height":113,"mime-type":"image\/jpeg","filesize":3783,"url":"https:\/\/www.imobiliariajc2.com.br\/novo\/wp-content\/uploads\/2026\/08\/i44218_foto32-150x113.jpg"},"modern-property-child-slider":{"file":"i44218_foto32-680x510.jpg","width":680,"height":510,"mime-type":"image\/jpeg","filesize":31486,"url":"https:\/\/www.imobiliariajc2.com.br\/novo\/wp-content\/uploads\/2026\/08\/i44218_foto32-680x510.jpg"},"property-thumb-image":{"file":"i44218_foto32-488x326.jpg","width":488,"height":326,"mime-type":"image\/jpeg","filesize":17703,"url":"https:\/\/www.imobiliariajc2.com.br\/novo\/wp-content\/uploads\/2026\/08\/i44218_foto32-488x326.jpg"},"property-detail-video-image":{"file":"i44218_foto32-799x417.jpg","width":799,"height":417,"mime-type":"image\/jpeg","filesize":35130,"url":"https:\/\/www.imobiliariajc2.com.br\/novo\/wp-content\/uploads\/2026\/08\/i44218_foto32-799x417.jpg"},"agent-image":{"file":"i44218_foto32-210x210.jpg","width":210,"height":210,"mime-type":"image\/jpeg","filesize":6420,"url":"https:\/\/www.imobiliariajc2.com.br\/novo\/wp-content\/uploads\/2026\/08\/i44218_foto32-210x210.jpg"},"partners-logo":{"file":"i44218_foto32-600x600.jpg","width":600,"height":600,"mime-type":"image\/jpeg","filesize":33068,"url":"https:\/\/www.imobiliariajc2.com.br\/novo\/wp-content\/uploads\/2026\/08\/i44218_foto32-600x600.jpg"}},"image_meta":{"aperture":"0","credit":"","camera":"","caption":"","created_timestamp":"0","copyright":"","focal_length":"0","iso":"0","shutter_speed":"0","title":"","orientation":"0","keywords":[],"alt":""},"ID":"458511","name":"i44218_foto32.jpg","path":"\/home1\/imobiliariajc2\/public_html\/novo\/wp-content\/uploads\/2026\/08\/i44218_foto32.jpg","url":"https:\/\/www.imobiliariajc2.com.br\/novo\/wp-content\/uploads\/2026\/08\/i44218_foto32-150x150.jpg","full_url":"https:\/\/www.imobiliariajc2.com.br\/novo\/wp-content\/uploads\/2026\/08\/i44218_foto32.jpg","title":"i44218_foto32","caption":"","description":"","alt":"","srcset":"https:\/\/www.imobiliariajc2.com.br\/novo\/wp-content\/uploads\/2026\/08\/i44218_foto32-150x150.jpg 150w, https:\/\/www.imobiliariajc2.com.br\/novo\/wp-content\/uploads\/2026\/08\/i44218_foto32-210x210.jpg 210w, https:\/\/www.imobiliariajc2.com.br\/novo\/wp-content\/uploads\/2026\/08\/i44218_foto32-600x600.jpg 600w"},{"width":150,"height":150,"file":"2026\/08\/i44218_foto16.jpg","filesize":66925,"sizes":{"medium":{"file":"i44218_foto16-300x225.jpg","width":300,"height":225,"mime-type":"image\/jpeg","filesize":9295,"url":"https:\/\/www.imobiliariajc2.com.br\/novo\/wp-content\/uploads\/2026\/08\/i44218_foto16-300x225.jpg"},"thumbnail":{"file":"i44218_foto16-150x150.jpg","width":150,"height":150,"mime-type":"image\/jpeg","filesize":4014,"url":"https:\/\/www.imobiliariajc2.com.br\/novo\/wp-content\/uploads\/2026\/08\/i44218_foto16-150x150.jpg"},"medium_large":{"file":"i44218_foto16-768x576.jpg","width":768,"height":576,"mime-type":"image\/jpeg","filesize":36539,"url":"https:\/\/www.imobiliariajc2.com.br\/novo\/wp-content\/uploads\/2026\/08\/i44218_foto16-768x576.jpg"},"post-thumbnail":{"file":"i44218_foto16-150x113.jpg","width":150,"height":113,"mime-type":"image\/jpeg","filesize":3823,"url":"https:\/\/www.imobiliariajc2.com.br\/novo\/wp-content\/uploads\/2026\/08\/i44218_foto16-150x113.jpg"},"modern-property-child-slider":{"file":"i44218_foto16-680x510.jpg","width":680,"height":510,"mime-type":"image\/jpeg","filesize":30610,"url":"https:\/\/www.imobiliariajc2.com.br\/novo\/wp-content\/uploads\/2026\/08\/i44218_foto16-680x510.jpg"},"property-thumb-image":{"file":"i44218_foto16-488x326.jpg","width":488,"height":326,"mime-type":"image\/jpeg","filesize":17197,"url":"https:\/\/www.imobiliariajc2.com.br\/novo\/wp-content\/uploads\/2026\/08\/i44218_foto16-488x326.jpg"},"property-detail-video-image":{"file":"i44218_foto16-800x417.jpg","width":800,"height":417,"mime-type":"image\/jpeg","filesize":32835,"url":"https:\/\/www.imobiliariajc2.com.br\/novo\/wp-content\/uploads\/2026\/08\/i44218_foto16-800x417.jpg"},"agent-image":{"file":"i44218_foto16-210x210.jpg","width":210,"height":210,"mime-type":"image\/jpeg","filesize":6171,"url":"https:\/\/www.imobiliariajc2.com.br\/novo\/wp-content\/uploads\/2026\/08\/i44218_foto16-210x210.jpg"},"partners-logo":{"file":"i44218_foto16-600x600.jpg","width":600,"height":600,"mime-type":"image\/jpeg","filesize":29976,"url":"https:\/\/www.imobiliariajc2.com.br\/novo\/wp-content\/uploads\/2026\/08\/i44218_foto16-600x600.jpg"}},"image_meta":{"aperture":"0","credit":"","camera":"","caption":"","created_timestamp":"0","copyright":"","focal_length":"0","iso":"0","shutter_speed":"0","title":"","orientation":"0","keywords":[],"alt":""},"ID":"458512","name":"i44218_foto16.jpg","path":"\/home1\/imobiliariajc2\/public_html\/novo\/wp-content\/uploads\/2026\/08\/i44218_foto16.jpg","url":"https:\/\/www.imobiliariajc2.com.br\/novo\/wp-content\/uploads\/2026\/08\/i44218_foto16-150x150.jpg","full_url":"https:\/\/www.imobiliariajc2.com.br\/novo\/wp-content\/uploads\/2026\/08\/i44218_foto16.jpg","title":"i44218_foto16","caption":"","description":"","alt":"","srcset":"https:\/\/www.imobiliariajc2.com.br\/novo\/wp-content\/uploads\/2026\/08\/i44218_foto16-150x150.jpg 150w, https:\/\/www.imobiliariajc2.com.br\/novo\/wp-content\/uploads\/2026\/08\/i44218_foto16-210x210.jpg 210w, https:\/\/www.imobiliariajc2.com.br\/novo\/wp-content\/uploads\/2026\/08\/i44218_foto16-600x600.jpg 600w"},{"width":150,"height":150,"file":"2026\/08\/i44218_foto22.jpg","filesize":88169,"sizes":{"medium":{"file":"i44218_foto22-300x225.jpg","width":300,"height":225,"mime-type":"image\/jpeg","filesize":11604,"url":"https:\/\/www.imobiliariajc2.com.br\/novo\/wp-content\/uploads\/2026\/08\/i44218_foto22-300x225.jpg"},"thumbnail":{"file":"i44218_foto22-150x150.jpg","width":150,"height":150,"mime-type":"image\/jpeg","filesize":5210,"url":"https:\/\/www.imobiliariajc2.com.br\/novo\/wp-content\/uploads\/2026\/08\/i44218_foto22-150x150.jpg"},"medium_large":{"file":"i44218_foto22-768x576.jpg","width":768,"height":576,"mime-type":"image\/jpeg","filesize":49281,"url":"https:\/\/www.imobiliariajc2.com.br\/novo\/wp-content\/uploads\/2026\/08\/i44218_foto22-768x576.jpg"},"post-thumbnail":{"file":"i44218_foto22-150x113.jpg","width":150,"height":113,"mime-type":"image\/jpeg","filesize":4508,"url":"https:\/\/www.imobiliariajc2.com.br\/novo\/wp-content\/uploads\/2026\/08\/i44218_foto22-150x113.jpg"},"modern-property-child-slider":{"file":"i44218_foto22-680x510.jpg","width":680,"height":510,"mime-type":"image\/jpeg","filesize":40874,"url":"https:\/\/www.imobiliariajc2.com.br\/novo\/wp-content\/uploads\/2026\/08\/i44218_foto22-680x510.jpg"},"property-thumb-image":{"file":"i44218_foto22-488x326.jpg","width":488,"height":326,"mime-type":"image\/jpeg","filesize":22466,"url":"https:\/\/www.imobiliariajc2.com.br\/novo\/wp-content\/uploads\/2026\/08\/i44218_foto22-488x326.jpg"},"property-detail-video-image":{"file":"i44218_foto22-800x417.jpg","width":800,"height":417,"mime-type":"image\/jpeg","filesize":43038,"url":"https:\/\/www.imobiliariajc2.com.br\/novo\/wp-content\/uploads\/2026\/08\/i44218_foto22-800x417.jpg"},"agent-image":{"file":"i44218_foto22-210x210.jpg","width":210,"height":210,"mime-type":"image\/jpeg","filesize":8310,"url":"https:\/\/www.imobiliariajc2.com.br\/novo\/wp-content\/uploads\/2026\/08\/i44218_foto22-210x210.jpg"},"partners-logo":{"file":"i44218_foto22-600x600.jpg","width":600,"height":600,"mime-type":"image\/jpeg","filesize":44293,"url":"https:\/\/www.imobiliariajc2.com.br\/novo\/wp-content\/uploads\/2026\/08\/i44218_foto22-600x600.jpg"}},"image_meta":{"aperture":"0","credit":"","camera":"","caption":"","created_timestamp":"0","copyright":"","focal_length":"0","iso":"0","shutter_speed":"0","title":"","orientation":"0","keywords":[],"alt":""},"ID":"458513","name":"i44218_foto22.jpg","path":"\/home1\/imobiliariajc2\/public_html\/novo\/wp-content\/uploads\/2026\/08\/i44218_foto22.jpg","url":"https:\/\/www.imobiliariajc2.com.br\/novo\/wp-content\/uploads\/2026\/08\/i44218_foto22-150x150.jpg","full_url":"https:\/\/www.imobiliariajc2.com.br\/novo\/wp-content\/uploads\/2026\/08\/i44218_foto22.jpg","title":"i44218_foto22","caption":"","description":"","alt":"","srcset":"https:\/\/www.imobiliariajc2.com.br\/novo\/wp-content\/uploads\/2026\/08\/i44218_foto22-150x150.jpg 150w, https:\/\/www.imobiliariajc2.com.br\/novo\/wp-content\/uploads\/2026\/08\/i44218_foto22-210x210.jpg 210w, https:\/\/www.imobiliariajc2.com.br\/novo\/wp-content\/uploads\/2026\/08\/i44218_foto22-600x600.jpg 600w"},{"width":150,"height":150,"file":"2026\/08\/i44218_foto20.jpg","filesize":78832,"sizes":{"medium":{"file":"i44218_foto20-300x225.jpg","width":300,"height":225,"mime-type":"image\/jpeg","filesize":10929,"url":"https:\/\/www.imobiliariajc2.com.br\/novo\/wp-content\/uploads\/2026\/08\/i44218_foto20-300x225.jpg"},"thumbnail":{"file":"i44218_foto20-150x150.jpg","width":150,"height":150,"mime-type":"image\/jpeg","filesize":5347,"url":"https:\/\/www.imobiliariajc2.com.br\/novo\/wp-content\/uploads\/2026\/08\/i44218_foto20-150x150.jpg"},"medium_large":{"file":"i44218_foto20-768x576.jpg","width":768,"height":576,"mime-type":"image\/jpeg","filesize":43935,"url":"https:\/\/www.imobiliariajc2.com.br\/novo\/wp-content\/uploads\/2026\/08\/i44218_foto20-768x576.jpg"},"post-thumbnail":{"file":"i44218_foto20-150x113.jpg","width":150,"height":113,"mime-type":"image\/jpeg","filesize":4338,"url":"https:\/\/www.imobiliariajc2.com.br\/novo\/wp-content\/uploads\/2026\/08\/i44218_foto20-150x113.jpg"},"modern-property-child-slider":{"file":"i44218_foto20-680x510.jpg","width":680,"height":510,"mime-type":"image\/jpeg","filesize":36561,"url":"https:\/\/www.imobiliariajc2.com.br\/novo\/wp-content\/uploads\/2026\/08\/i44218_foto20-680x510.jpg"},"property-thumb-image":{"file":"i44218_foto20-488x326.jpg","width":488,"height":326,"mime-type":"image\/jpeg","filesize":20635,"url":"https:\/\/www.imobiliariajc2.com.br\/novo\/wp-content\/uploads\/2026\/08\/i44218_foto20-488x326.jpg"},"property-detail-video-image":{"file":"i44218_foto20-800x417.jpg","width":800,"height":417,"mime-type":"image\/jpeg","filesize":39997,"url":"https:\/\/www.imobiliariajc2.com.br\/novo\/wp-content\/uploads\/2026\/08\/i44218_foto20-800x417.jpg"},"agent-image":{"file":"i44218_foto20-210x210.jpg","width":210,"height":210,"mime-type":"image\/jpeg","filesize":8366,"url":"https:\/\/www.imobiliariajc2.com.br\/novo\/wp-content\/uploads\/2026\/08\/i44218_foto20-210x210.jpg"},"partners-logo":{"file":"i44218_foto20-600x600.jpg","width":600,"height":600,"mime-type":"image\/jpeg","filesize":41858,"url":"https:\/\/www.imobiliariajc2.com.br\/novo\/wp-content\/uploads\/2026\/08\/i44218_foto20-600x600.jpg"}},"image_meta":{"aperture":"0","credit":"","camera":"","caption":"","created_timestamp":"0","copyright":"","focal_length":"0","iso":"0","shutter_speed":"0","title":"","orientation":"0","keywords":[],"alt":""},"ID":"458514","name":"i44218_foto20.jpg","path":"\/home1\/imobiliariajc2\/public_html\/novo\/wp-content\/uploads\/2026\/08\/i44218_foto20.jpg","url":"https:\/\/www.imobiliariajc2.com.br\/novo\/wp-content\/uploads\/2026\/08\/i44218_foto20-150x150.jpg","full_url":"https:\/\/www.imobiliariajc2.com.br\/novo\/wp-content\/uploads\/2026\/08\/i44218_foto20.jpg","title":"i44218_foto20","caption":"","description":"","alt":"","srcset":"https:\/\/www.imobiliariajc2.com.br\/novo\/wp-content\/uploads\/2026\/08\/i44218_foto20-150x150.jpg 150w, https:\/\/www.imobiliariajc2.com.br\/novo\/wp-content\/uploads\/2026\/08\/i44218_foto20-210x210.jpg 210w, https:\/\/www.imobiliariajc2.com.br\/novo\/wp-content\/uploads\/2026\/08\/i44218_foto20-600x600.jpg 600w"},{"width":150,"height":150,"file":"2026\/08\/i44218_foto23.jpg","filesize":95146,"sizes":{"medium":{"file":"i44218_foto23-300x225.jpg","width":300,"height":225,"mime-type":"image\/jpeg","filesize":12527,"url":"https:\/\/www.imobiliariajc2.com.br\/novo\/wp-content\/uploads\/2026\/08\/i44218_foto23-300x225.jpg"},"thumbnail":{"file":"i44218_foto23-150x150.jpg","width":150,"height":150,"mime-type":"image\/jpeg","filesize":5750,"url":"https:\/\/www.imobiliariajc2.com.br\/novo\/wp-content\/uploads\/2026\/08\/i44218_foto23-150x150.jpg"},"medium_large":{"file":"i44218_foto23-768x576.jpg","width":768,"height":576,"mime-type":"image\/jpeg","filesize":53166,"url":"https:\/\/www.imobiliariajc2.com.br\/novo\/wp-content\/uploads\/2026\/08\/i44218_foto23-768x576.jpg"},"post-thumbnail":{"file":"i44218_foto23-150x113.jpg","width":150,"height":113,"mime-type":"image\/jpeg","filesize":4753,"url":"https:\/\/www.imobiliariajc2.com.br\/novo\/wp-content\/uploads\/2026\/08\/i44218_foto23-150x113.jpg"},"modern-property-child-slider":{"file":"i44218_foto23-680x510.jpg","width":680,"height":510,"mime-type":"image\/jpeg","filesize":43931,"url":"https:\/\/www.imobiliariajc2.com.br\/novo\/wp-content\/uploads\/2026\/08\/i44218_foto23-680x510.jpg"},"property-thumb-image":{"file":"i44218_foto23-488x326.jpg","width":488,"height":326,"mime-type":"image\/jpeg","filesize":24446,"url":"https:\/\/www.imobiliariajc2.com.br\/novo\/wp-content\/uploads\/2026\/08\/i44218_foto23-488x326.jpg"},"property-detail-video-image":{"file":"i44218_foto23-800x417.jpg","width":800,"height":417,"mime-type":"image\/jpeg","filesize":49191,"url":"https:\/\/www.imobiliariajc2.com.br\/novo\/wp-content\/uploads\/2026\/08\/i44218_foto23-800x417.jpg"},"agent-image":{"file":"i44218_foto23-210x210.jpg","width":210,"height":210,"mime-type":"image\/jpeg","filesize":9298,"url":"https:\/\/www.imobiliariajc2.com.br\/novo\/wp-content\/uploads\/2026\/08\/i44218_foto23-210x210.jpg"},"partners-logo":{"file":"i44218_foto23-600x600.jpg","width":600,"height":600,"mime-type":"image\/jpeg","filesize":48915,"url":"https:\/\/www.imobiliariajc2.com.br\/novo\/wp-content\/uploads\/2026\/08\/i44218_foto23-600x600.jpg"}},"image_meta":{"aperture":"0","credit":"","camera":"","caption":"","created_timestamp":"0","copyright":"","focal_length":"0","iso":"0","shutter_speed":"0","title":"","orientation":"0","keywords":[],"alt":""},"ID":"458515","name":"i44218_foto23.jpg","path":"\/home1\/imobiliariajc2\/public_html\/novo\/wp-content\/uploads\/2026\/08\/i44218_foto23.jpg","url":"https:\/\/www.imobiliariajc2.com.br\/novo\/wp-content\/uploads\/2026\/08\/i44218_foto23-150x150.jpg","full_url":"https:\/\/www.imobiliariajc2.com.br\/novo\/wp-content\/uploads\/2026\/08\/i44218_foto23.jpg","title":"i44218_foto23","caption":"","description":"","alt":"","srcset":"https:\/\/www.imobiliariajc2.com.br\/novo\/wp-content\/uploads\/2026\/08\/i44218_foto23-150x150.jpg 150w, https:\/\/www.imobiliariajc2.com.br\/novo\/wp-content\/uploads\/2026\/08\/i44218_foto23-210x210.jpg 210w, https:\/\/www.imobiliariajc2.com.br\/novo\/wp-content\/uploads\/2026\/08\/i44218_foto23-600x600.jpg 600w"},{"width":150,"height":150,"file":"2026\/08\/i44218_foto25.jpg","filesize":102570,"sizes":{"medium":{"file":"i44218_foto25-300x225.jpg","width":300,"height":225,"mime-type":"image\/jpeg","filesize":12931,"url":"https:\/\/www.imobiliariajc2.com.br\/novo\/wp-content\/uploads\/2026\/08\/i44218_foto25-300x225.jpg"},"thumbnail":{"file":"i44218_foto25-150x150.jpg","width":150,"height":150,"mime-type":"image\/jpeg","filesize":5498,"url":"https:\/\/www.imobiliariajc2.com.br\/novo\/wp-content\/uploads\/2026\/08\/i44218_foto25-150x150.jpg"},"medium_large":{"file":"i44218_foto25-768x576.jpg","width":768,"height":576,"mime-type":"image\/jpeg","filesize":56837,"url":"https:\/\/www.imobiliariajc2.com.br\/novo\/wp-content\/uploads\/2026\/08\/i44218_foto25-768x576.jpg"},"post-thumbnail":{"file":"i44218_foto25-150x113.jpg","width":150,"height":113,"mime-type":"image\/jpeg","filesize":4841,"url":"https:\/\/www.imobiliariajc2.com.br\/novo\/wp-content\/uploads\/2026\/08\/i44218_foto25-150x113.jpg"},"modern-property-child-slider":{"file":"i44218_foto25-680x510.jpg","width":680,"height":510,"mime-type":"image\/jpeg","filesize":46995,"url":"https:\/\/www.imobiliariajc2.com.br\/novo\/wp-content\/uploads\/2026\/08\/i44218_foto25-680x510.jpg"},"property-thumb-image":{"file":"i44218_foto25-488x326.jpg","width":488,"height":326,"mime-type":"image\/jpeg","filesize":25513,"url":"https:\/\/www.imobiliariajc2.com.br\/novo\/wp-content\/uploads\/2026\/08\/i44218_foto25-488x326.jpg"},"property-detail-video-image":{"file":"i44218_foto25-800x417.jpg","width":800,"height":417,"mime-type":"image\/jpeg","filesize":50876,"url":"https:\/\/www.imobiliariajc2.com.br\/novo\/wp-content\/uploads\/2026\/08\/i44218_foto25-800x417.jpg"},"agent-image":{"file":"i44218_foto25-210x210.jpg","width":210,"height":210,"mime-type":"image\/jpeg","filesize":9040,"url":"https:\/\/www.imobiliariajc2.com.br\/novo\/wp-content\/uploads\/2026\/08\/i44218_foto25-210x210.jpg"},"partners-logo":{"file":"i44218_foto25-600x600.jpg","width":600,"height":600,"mime-type":"image\/jpeg","filesize":51168,"url":"https:\/\/www.imobiliariajc2.com.br\/novo\/wp-content\/uploads\/2026\/08\/i44218_foto25-600x600.jpg"}},"image_meta":{"aperture":"0","credit":"","camera":"","caption":"","created_timestamp":"0","copyright":"","focal_length":"0","iso":"0","shutter_speed":"0","title":"","orientation":"0","keywords":[],"alt":""},"ID":"458516","name":"i44218_foto25.jpg","path":"\/home1\/imobiliariajc2\/public_html\/novo\/wp-content\/uploads\/2026\/08\/i44218_foto25.jpg","url":"https:\/\/www.imobiliariajc2.com.br\/novo\/wp-content\/uploads\/2026\/08\/i44218_foto25-150x150.jpg","full_url":"https:\/\/www.imobiliariajc2.com.br\/novo\/wp-content\/uploads\/2026\/08\/i44218_foto25.jpg","title":"i44218_foto25","caption":"","description":"","alt":"","srcset":"https:\/\/www.imobiliariajc2.com.br\/novo\/wp-content\/uploads\/2026\/08\/i44218_foto25-150x150.jpg 150w, https:\/\/www.imobiliariajc2.com.br\/novo\/wp-content\/uploads\/2026\/08\/i44218_foto25-210x210.jpg 210w, https:\/\/www.imobiliariajc2.com.br\/novo\/wp-content\/uploads\/2026\/08\/i44218_foto25-600x600.jpg 600w"},{"width":150,"height":150,"file":"2026\/08\/i44218_foto21.jpg","filesize":86756,"sizes":{"medium":{"file":"i44218_foto21-300x225.jpg","width":300,"height":225,"mime-type":"image\/jpeg","filesize":11120,"url":"https:\/\/www.imobiliariajc2.com.br\/novo\/wp-content\/uploads\/2026\/08\/i44218_foto21-300x225.jpg"},"thumbnail":{"file":"i44218_foto21-150x150.jpg","width":150,"height":150,"mime-type":"image\/jpeg","filesize":5345,"url":"https:\/\/www.imobiliariajc2.com.br\/novo\/wp-content\/uploads\/2026\/08\/i44218_foto21-150x150.jpg"},"medium_large":{"file":"i44218_foto21-768x576.jpg","width":768,"height":576,"mime-type":"image\/jpeg","filesize":47883,"url":"https:\/\/www.imobiliariajc2.com.br\/novo\/wp-content\/uploads\/2026\/08\/i44218_foto21-768x576.jpg"},"post-thumbnail":{"file":"i44218_foto21-150x113.jpg","width":150,"height":113,"mime-type":"image\/jpeg","filesize":4304,"url":"https:\/\/www.imobiliariajc2.com.br\/novo\/wp-content\/uploads\/2026\/08\/i44218_foto21-150x113.jpg"},"modern-property-child-slider":{"file":"i44218_foto21-680x510.jpg","width":680,"height":510,"mime-type":"image\/jpeg","filesize":39510,"url":"https:\/\/www.imobiliariajc2.com.br\/novo\/wp-content\/uploads\/2026\/08\/i44218_foto21-680x510.jpg"},"property-thumb-image":{"file":"i44218_foto21-488x326.jpg","width":488,"height":326,"mime-type":"image\/jpeg","filesize":21218,"url":"https:\/\/www.imobiliariajc2.com.br\/novo\/wp-content\/uploads\/2026\/08\/i44218_foto21-488x326.jpg"},"property-detail-video-image":{"file":"i44218_foto21-800x417.jpg","width":800,"height":417,"mime-type":"image\/jpeg","filesize":41875,"url":"https:\/\/www.imobiliariajc2.com.br\/novo\/wp-content\/uploads\/2026\/08\/i44218_foto21-800x417.jpg"},"agent-image":{"file":"i44218_foto21-210x210.jpg","width":210,"height":210,"mime-type":"image\/jpeg","filesize":8533,"url":"https:\/\/www.imobiliariajc2.com.br\/novo\/wp-content\/uploads\/2026\/08\/i44218_foto21-210x210.jpg"},"partners-logo":{"file":"i44218_foto21-600x600.jpg","width":600,"height":600,"mime-type":"image\/jpeg","filesize":45941,"url":"https:\/\/www.imobiliariajc2.com.br\/novo\/wp-content\/uploads\/2026\/08\/i44218_foto21-600x600.jpg"}},"image_meta":{"aperture":"0","credit":"","camera":"","caption":"","created_timestamp":"0","copyright":"","focal_length":"0","iso":"0","shutter_speed":"0","title":"","orientation":"0","keywords":[],"alt":""},"ID":"458517","name":"i44218_foto21.jpg","path":"\/home1\/imobiliariajc2\/public_html\/novo\/wp-content\/uploads\/2026\/08\/i44218_foto21.jpg","url":"https:\/\/www.imobiliariajc2.com.br\/novo\/wp-content\/uploads\/2026\/08\/i44218_foto21-150x150.jpg","full_url":"https:\/\/www.imobiliariajc2.com.br\/novo\/wp-content\/uploads\/2026\/08\/i44218_foto21.jpg","title":"i44218_foto21","caption":"","description":"","alt":"","srcset":"https:\/\/www.imobiliariajc2.com.br\/novo\/wp-content\/uploads\/2026\/08\/i44218_foto21-150x150.jpg 150w, https:\/\/www.imobiliariajc2.com.br\/novo\/wp-content\/uploads\/2026\/08\/i44218_foto21-210x210.jpg 210w, https:\/\/www.imobiliariajc2.com.br\/novo\/wp-content\/uploads\/2026\/08\/i44218_foto21-600x600.jpg 600w"},{"width":150,"height":150,"file":"2026\/08\/i44218_foto3.jpg","filesize":77175,"sizes":{"medium":{"file":"i44218_foto3-300x225.jpg","width":300,"height":225,"mime-type":"image\/jpeg","filesize":9851,"url":"https:\/\/www.imobiliariajc2.com.br\/novo\/wp-content\/uploads\/2026\/08\/i44218_foto3-300x225.jpg"},"thumbnail":{"file":"i44218_foto3-150x150.jpg","width":150,"height":150,"mime-type":"image\/jpeg","filesize":4833,"url":"https:\/\/www.imobiliariajc2.com.br\/novo\/wp-content\/uploads\/2026\/08\/i44218_foto3-150x150.jpg"},"medium_large":{"file":"i44218_foto3-768x576.jpg","width":768,"height":576,"mime-type":"image\/jpeg","filesize":42250,"url":"https:\/\/www.imobiliariajc2.com.br\/novo\/wp-content\/uploads\/2026\/08\/i44218_foto3-768x576.jpg"},"post-thumbnail":{"file":"i44218_foto3-150x113.jpg","width":150,"height":113,"mime-type":"image\/jpeg","filesize":3811,"url":"https:\/\/www.imobiliariajc2.com.br\/novo\/wp-content\/uploads\/2026\/08\/i44218_foto3-150x113.jpg"},"modern-property-child-slider":{"file":"i44218_foto3-680x510.jpg","width":680,"height":510,"mime-type":"image\/jpeg","filesize":34882,"url":"https:\/\/www.imobiliariajc2.com.br\/novo\/wp-content\/uploads\/2026\/08\/i44218_foto3-680x510.jpg"},"property-thumb-image":{"file":"i44218_foto3-488x326.jpg","width":488,"height":326,"mime-type":"image\/jpeg","filesize":19107,"url":"https:\/\/www.imobiliariajc2.com.br\/novo\/wp-content\/uploads\/2026\/08\/i44218_foto3-488x326.jpg"},"property-detail-video-image":{"file":"i44218_foto3-800x417.jpg","width":800,"height":417,"mime-type":"image\/jpeg","filesize":38967,"url":"https:\/\/www.imobiliariajc2.com.br\/novo\/wp-content\/uploads\/2026\/08\/i44218_foto3-800x417.jpg"},"agent-image":{"file":"i44218_foto3-210x210.jpg","width":210,"height":210,"mime-type":"image\/jpeg","filesize":7691,"url":"https:\/\/www.imobiliariajc2.com.br\/novo\/wp-content\/uploads\/2026\/08\/i44218_foto3-210x210.jpg"},"partners-logo":{"file":"i44218_foto3-600x600.jpg","width":600,"height":600,"mime-type":"image\/jpeg","filesize":42574,"url":"https:\/\/www.imobiliariajc2.com.br\/novo\/wp-content\/uploads\/2026\/08\/i44218_foto3-600x600.jpg"}},"image_meta":{"aperture":"0","credit":"","camera":"","caption":"","created_timestamp":"0","copyright":"","focal_length":"0","iso":"0","shutter_speed":"0","title":"","orientation":"0","keywords":[],"alt":""},"ID":"458518","name":"i44218_foto3.jpg","path":"\/home1\/imobiliariajc2\/public_html\/novo\/wp-content\/uploads\/2026\/08\/i44218_foto3.jpg","url":"https:\/\/www.imobiliariajc2.com.br\/novo\/wp-content\/uploads\/2026\/08\/i44218_foto3-150x150.jpg","full_url":"https:\/\/www.imobiliariajc2.com.br\/novo\/wp-content\/uploads\/2026\/08\/i44218_foto3.jpg","title":"i44218_foto3","caption":"","description":"","alt":"","srcset":"https:\/\/www.imobiliariajc2.com.br\/novo\/wp-content\/uploads\/2026\/08\/i44218_foto3-150x150.jpg 150w, https:\/\/www.imobiliariajc2.com.br\/novo\/wp-content\/uploads\/2026\/08\/i44218_foto3-210x210.jpg 210w, https:\/\/www.imobiliariajc2.com.br\/novo\/wp-content\/uploads\/2026\/08\/i44218_foto3-600x600.jpg 600w"},{"width":150,"height":150,"file":"2026\/08\/i44218_foto6.jpg","filesize":81205,"sizes":{"medium":{"file":"i44218_foto6-300x225.jpg","width":300,"height":225,"mime-type":"image\/jpeg","filesize":10697,"url":"https:\/\/www.imobiliariajc2.com.br\/novo\/wp-content\/uploads\/2026\/08\/i44218_foto6-300x225.jpg"},"thumbnail":{"file":"i44218_foto6-150x150.jpg","width":150,"height":150,"mime-type":"image\/jpeg","filesize":4695,"url":"https:\/\/www.imobiliariajc2.com.br\/novo\/wp-content\/uploads\/2026\/08\/i44218_foto6-150x150.jpg"},"medium_large":{"file":"i44218_foto6-768x576.jpg","width":768,"height":576,"mime-type":"image\/jpeg","filesize":44707,"url":"https:\/\/www.imobiliariajc2.com.br\/novo\/wp-content\/uploads\/2026\/08\/i44218_foto6-768x576.jpg"},"post-thumbnail":{"file":"i44218_foto6-150x113.jpg","width":150,"height":113,"mime-type":"image\/jpeg","filesize":4147,"url":"https:\/\/www.imobiliariajc2.com.br\/novo\/wp-content\/uploads\/2026\/08\/i44218_foto6-150x113.jpg"},"modern-property-child-slider":{"file":"i44218_foto6-680x510.jpg","width":680,"height":510,"mime-type":"image\/jpeg","filesize":37060,"url":"https:\/\/www.imobiliariajc2.com.br\/novo\/wp-content\/uploads\/2026\/08\/i44218_foto6-680x510.jpg"},"property-thumb-image":{"file":"i44218_foto6-488x326.jpg","width":488,"height":326,"mime-type":"image\/jpeg","filesize":20518,"url":"https:\/\/www.imobiliariajc2.com.br\/novo\/wp-content\/uploads\/2026\/08\/i44218_foto6-488x326.jpg"},"property-detail-video-image":{"file":"i44218_foto6-800x417.jpg","width":800,"height":417,"mime-type":"image\/jpeg","filesize":38874,"url":"https:\/\/www.imobiliariajc2.com.br\/novo\/wp-content\/uploads\/2026\/08\/i44218_foto6-800x417.jpg"},"agent-image":{"file":"i44218_foto6-210x210.jpg","width":210,"height":210,"mime-type":"image\/jpeg","filesize":7485,"url":"https:\/\/www.imobiliariajc2.com.br\/novo\/wp-content\/uploads\/2026\/08\/i44218_foto6-210x210.jpg"},"partners-logo":{"file":"i44218_foto6-600x600.jpg","width":600,"height":600,"mime-type":"image\/jpeg","filesize":39760,"url":"https:\/\/www.imobiliariajc2.com.br\/novo\/wp-content\/uploads\/2026\/08\/i44218_foto6-600x600.jpg"}},"image_meta":{"aperture":"0","credit":"","camera":"","caption":"","created_timestamp":"0","copyright":"","focal_length":"0","iso":"0","shutter_speed":"0","title":"","orientation":"0","keywords":[],"alt":""},"ID":"458519","name":"i44218_foto6.jpg","path":"\/home1\/imobiliariajc2\/public_html\/novo\/wp-content\/uploads\/2026\/08\/i44218_foto6.jpg","url":"https:\/\/www.imobiliariajc2.com.br\/novo\/wp-content\/uploads\/2026\/08\/i44218_foto6-150x150.jpg","full_url":"https:\/\/www.imobiliariajc2.com.br\/novo\/wp-content\/uploads\/2026\/08\/i44218_foto6.jpg","title":"i44218_foto6","caption":"","description":"","alt":"","srcset":"https:\/\/www.imobiliariajc2.com.br\/novo\/wp-content\/uploads\/2026\/08\/i44218_foto6-150x150.jpg 150w, https:\/\/www.imobiliariajc2.com.br\/novo\/wp-content\/uploads\/2026\/08\/i44218_foto6-210x210.jpg 210w, https:\/\/www.imobiliariajc2.com.br\/novo\/wp-content\/uploads\/2026\/08\/i44218_foto6-600x600.jpg 600w"},{"width":150,"height":150,"file":"2026\/08\/i44218_foto10.jpg","filesize":68611,"sizes":{"medium":{"file":"i44218_foto10-300x225.jpg","width":300,"height":225,"mime-type":"image\/jpeg","filesize":9741,"url":"https:\/\/www.imobiliariajc2.com.br\/novo\/wp-content\/uploads\/2026\/08\/i44218_foto10-300x225.jpg"},"thumbnail":{"file":"i44218_foto10-150x150.jpg","width":150,"height":150,"mime-type":"image\/jpeg","filesize":4405,"url":"https:\/\/www.imobiliariajc2.com.br\/novo\/wp-content\/uploads\/2026\/08\/i44218_foto10-150x150.jpg"},"medium_large":{"file":"i44218_foto10-768x576.jpg","width":768,"height":576,"mime-type":"image\/jpeg","filesize":37948,"url":"https:\/\/www.imobiliariajc2.com.br\/novo\/wp-content\/uploads\/2026\/08\/i44218_foto10-768x576.jpg"},"post-thumbnail":{"file":"i44218_foto10-150x113.jpg","width":150,"height":113,"mime-type":"image\/jpeg","filesize":4068,"url":"https:\/\/www.imobiliariajc2.com.br\/novo\/wp-content\/uploads\/2026\/08\/i44218_foto10-150x113.jpg"},"modern-property-child-slider":{"file":"i44218_foto10-680x510.jpg","width":680,"height":510,"mime-type":"image\/jpeg","filesize":31652,"url":"https:\/\/www.imobiliariajc2.com.br\/novo\/wp-content\/uploads\/2026\/08\/i44218_foto10-680x510.jpg"},"property-thumb-image":{"file":"i44218_foto10-488x326.jpg","width":488,"height":326,"mime-type":"image\/jpeg","filesize":17271,"url":"https:\/\/www.imobiliariajc2.com.br\/novo\/wp-content\/uploads\/2026\/08\/i44218_foto10-488x326.jpg"},"property-detail-video-image":{"file":"i44218_foto10-800x417.jpg","width":800,"height":417,"mime-type":"image\/jpeg","filesize":31801,"url":"https:\/\/www.imobiliariajc2.com.br\/novo\/wp-content\/uploads\/2026\/08\/i44218_foto10-800x417.jpg"},"agent-image":{"file":"i44218_foto10-210x210.jpg","width":210,"height":210,"mime-type":"image\/jpeg","filesize":6863,"url":"https:\/\/www.imobiliariajc2.com.br\/novo\/wp-content\/uploads\/2026\/08\/i44218_foto10-210x210.jpg"},"partners-logo":{"file":"i44218_foto10-600x600.jpg","width":600,"height":600,"mime-type":"image\/jpeg","filesize":33247,"url":"https:\/\/www.imobiliariajc2.com.br\/novo\/wp-content\/uploads\/2026\/08\/i44218_foto10-600x600.jpg"}},"image_meta":{"aperture":"0","credit":"","camera":"","caption":"","created_timestamp":"0","copyright":"","focal_length":"0","iso":"0","shutter_speed":"0","title":"","orientation":"0","keywords":[],"alt":""},"ID":"458520","name":"i44218_foto10.jpg","path":"\/home1\/imobiliariajc2\/public_html\/novo\/wp-content\/uploads\/2026\/08\/i44218_foto10.jpg","url":"https:\/\/www.imobiliariajc2.com.br\/novo\/wp-content\/uploads\/2026\/08\/i44218_foto10-150x150.jpg","full_url":"https:\/\/www.imobiliariajc2.com.br\/novo\/wp-content\/uploads\/2026\/08\/i44218_foto10.jpg","title":"i44218_foto10","caption":"","description":"","alt":"","srcset":"https:\/\/www.imobiliariajc2.com.br\/novo\/wp-content\/uploads\/2026\/08\/i44218_foto10-150x150.jpg 150w, https:\/\/www.imobiliariajc2.com.br\/novo\/wp-content\/uploads\/2026\/08\/i44218_foto10-210x210.jpg 210w, https:\/\/www.imobiliariajc2.com.br\/novo\/wp-content\/uploads\/2026\/08\/i44218_foto10-600x600.jpg 600w"},{"width":150,"height":150,"file":"2026\/08\/i44218_foto11.jpg","filesize":83307,"sizes":{"medium":{"file":"i44218_foto11-300x225.jpg","width":300,"height":225,"mime-type":"image\/jpeg","filesize":10487,"url":"https:\/\/www.imobiliariajc2.com.br\/novo\/wp-content\/uploads\/2026\/08\/i44218_foto11-300x225.jpg"},"thumbnail":{"file":"i44218_foto11-150x150.jpg","width":150,"height":150,"mime-type":"image\/jpeg","filesize":5093,"url":"https:\/\/www.imobiliariajc2.com.br\/novo\/wp-content\/uploads\/2026\/08\/i44218_foto11-150x150.jpg"},"medium_large":{"file":"i44218_foto11-768x576.jpg","width":768,"height":576,"mime-type":"image\/jpeg","filesize":45639,"url":"https:\/\/www.imobiliariajc2.com.br\/novo\/wp-content\/uploads\/2026\/08\/i44218_foto11-768x576.jpg"},"post-thumbnail":{"file":"i44218_foto11-150x113.jpg","width":150,"height":113,"mime-type":"image\/jpeg","filesize":4111,"url":"https:\/\/www.imobiliariajc2.com.br\/novo\/wp-content\/uploads\/2026\/08\/i44218_foto11-150x113.jpg"},"modern-property-child-slider":{"file":"i44218_foto11-680x510.jpg","width":680,"height":510,"mime-type":"image\/jpeg","filesize":37537,"url":"https:\/\/www.imobiliariajc2.com.br\/novo\/wp-content\/uploads\/2026\/08\/i44218_foto11-680x510.jpg"},"property-thumb-image":{"file":"i44218_foto11-488x326.jpg","width":488,"height":326,"mime-type":"image\/jpeg","filesize":20273,"url":"https:\/\/www.imobiliariajc2.com.br\/novo\/wp-content\/uploads\/2026\/08\/i44218_foto11-488x326.jpg"},"property-detail-video-image":{"file":"i44218_foto11-800x417.jpg","width":800,"height":417,"mime-type":"image\/jpeg","filesize":39569,"url":"https:\/\/www.imobiliariajc2.com.br\/novo\/wp-content\/uploads\/2026\/08\/i44218_foto11-800x417.jpg"},"agent-image":{"file":"i44218_foto11-210x210.jpg","width":210,"height":210,"mime-type":"image\/jpeg","filesize":8307,"url":"https:\/\/www.imobiliariajc2.com.br\/novo\/wp-content\/uploads\/2026\/08\/i44218_foto11-210x210.jpg"},"partners-logo":{"file":"i44218_foto11-600x600.jpg","width":600,"height":600,"mime-type":"image\/jpeg","filesize":45848,"url":"https:\/\/www.imobiliariajc2.com.br\/novo\/wp-content\/uploads\/2026\/08\/i44218_foto11-600x600.jpg"}},"image_meta":{"aperture":"0","credit":"","camera":"","caption":"","created_timestamp":"0","copyright":"","focal_length":"0","iso":"0","shutter_speed":"0","title":"","orientation":"0","keywords":[],"alt":""},"ID":"458521","name":"i44218_foto11.jpg","path":"\/home1\/imobiliariajc2\/public_html\/novo\/wp-content\/uploads\/2026\/08\/i44218_foto11.jpg","url":"https:\/\/www.imobiliariajc2.com.br\/novo\/wp-content\/uploads\/2026\/08\/i44218_foto11-150x150.jpg","full_url":"https:\/\/www.imobiliariajc2.com.br\/novo\/wp-content\/uploads\/2026\/08\/i44218_foto11.jpg","title":"i44218_foto11","caption":"","description":"","alt":"","srcset":"https:\/\/www.imobiliariajc2.com.br\/novo\/wp-content\/uploads\/2026\/08\/i44218_foto11-150x150.jpg 150w, https:\/\/www.imobiliariajc2.com.br\/novo\/wp-content\/uploads\/2026\/08\/i44218_foto11-210x210.jpg 210w, https:\/\/www.imobiliariajc2.com.br\/novo\/wp-content\/uploads\/2026\/08\/i44218_foto11-600x600.jpg 600w"},{"width":150,"height":150,"file":"2026\/08\/i44218_foto9.jpg","filesize":84976,"sizes":{"medium":{"file":"i44218_foto9-300x225.jpg","width":300,"height":225,"mime-type":"image\/jpeg","filesize":10651,"url":"https:\/\/www.imobiliariajc2.com.br\/novo\/wp-content\/uploads\/2026\/08\/i44218_foto9-300x225.jpg"},"thumbnail":{"file":"i44218_foto9-150x150.jpg","width":150,"height":150,"mime-type":"image\/jpeg","filesize":5193,"url":"https:\/\/www.imobiliariajc2.com.br\/novo\/wp-content\/uploads\/2026\/08\/i44218_foto9-150x150.jpg"},"medium_large":{"file":"i44218_foto9-768x576.jpg","width":768,"height":576,"mime-type":"image\/jpeg","filesize":46667,"url":"https:\/\/www.imobiliariajc2.com.br\/novo\/wp-content\/uploads\/2026\/08\/i44218_foto9-768x576.jpg"},"post-thumbnail":{"file":"i44218_foto9-150x113.jpg","width":150,"height":113,"mime-type":"image\/jpeg","filesize":4037,"url":"https:\/\/www.imobiliariajc2.com.br\/novo\/wp-content\/uploads\/2026\/08\/i44218_foto9-150x113.jpg"},"modern-property-child-slider":{"file":"i44218_foto9-680x510.jpg","width":680,"height":510,"mime-type":"image\/jpeg","filesize":38522,"url":"https:\/\/www.imobiliariajc2.com.br\/novo\/wp-content\/uploads\/2026\/08\/i44218_foto9-680x510.jpg"},"property-thumb-image":{"file":"i44218_foto9-488x326.jpg","width":488,"height":326,"mime-type":"image\/jpeg","filesize":20671,"url":"https:\/\/www.imobiliariajc2.com.br\/novo\/wp-content\/uploads\/2026\/08\/i44218_foto9-488x326.jpg"},"property-detail-video-image":{"file":"i44218_foto9-800x417.jpg","width":800,"height":417,"mime-type":"image\/jpeg","filesize":38401,"url":"https:\/\/www.imobiliariajc2.com.br\/novo\/wp-content\/uploads\/2026\/08\/i44218_foto9-800x417.jpg"},"agent-image":{"file":"i44218_foto9-210x210.jpg","width":210,"height":210,"mime-type":"image\/jpeg","filesize":8276,"url":"https:\/\/www.imobiliariajc2.com.br\/novo\/wp-content\/uploads\/2026\/08\/i44218_foto9-210x210.jpg"},"partners-logo":{"file":"i44218_foto9-600x600.jpg","width":600,"height":600,"mime-type":"image\/jpeg","filesize":45583,"url":"https:\/\/www.imobiliariajc2.com.br\/novo\/wp-content\/uploads\/2026\/08\/i44218_foto9-600x600.jpg"}},"image_meta":{"aperture":"0","credit":"","camera":"","caption":"","created_timestamp":"0","copyright":"","focal_length":"0","iso":"0","shutter_speed":"0","title":"","orientation":"0","keywords":[],"alt":""},"ID":"458522","name":"i44218_foto9.jpg","path":"\/home1\/imobiliariajc2\/public_html\/novo\/wp-content\/uploads\/2026\/08\/i44218_foto9.jpg","url":"https:\/\/www.imobiliariajc2.com.br\/novo\/wp-content\/uploads\/2026\/08\/i44218_foto9-150x150.jpg","full_url":"https:\/\/www.imobiliariajc2.com.br\/novo\/wp-content\/uploads\/2026\/08\/i44218_foto9.jpg","title":"i44218_foto9","caption":"","description":"","alt":"","srcset":"https:\/\/www.imobiliariajc2.com.br\/novo\/wp-content\/uploads\/2026\/08\/i44218_foto9-150x150.jpg 150w, https:\/\/www.imobiliariajc2.com.br\/novo\/wp-content\/uploads\/2026\/08\/i44218_foto9-210x210.jpg 210w, https:\/\/www.imobiliariajc2.com.br\/novo\/wp-content\/uploads\/2026\/08\/i44218_foto9-600x600.jpg 600w"},{"width":150,"height":150,"file":"2026\/08\/i44218_foto8.jpg","filesize":87406,"sizes":{"medium":{"file":"i44218_foto8-300x225.jpg","width":300,"height":225,"mime-type":"image\/jpeg","filesize":10189,"url":"https:\/\/www.imobiliariajc2.com.br\/novo\/wp-content\/uploads\/2026\/08\/i44218_foto8-300x225.jpg"},"thumbnail":{"file":"i44218_foto8-150x150.jpg","width":150,"height":150,"mime-type":"image\/jpeg","filesize":4660,"url":"https:\/\/www.imobiliariajc2.com.br\/novo\/wp-content\/uploads\/2026\/08\/i44218_foto8-150x150.jpg"},"medium_large":{"file":"i44218_foto8-768x576.jpg","width":768,"height":576,"mime-type":"image\/jpeg","filesize":46985,"url":"https:\/\/www.imobiliariajc2.com.br\/novo\/wp-content\/uploads\/2026\/08\/i44218_foto8-768x576.jpg"},"post-thumbnail":{"file":"i44218_foto8-150x113.jpg","width":150,"height":113,"mime-type":"image\/jpeg","filesize":3826,"url":"https:\/\/www.imobiliariajc2.com.br\/novo\/wp-content\/uploads\/2026\/08\/i44218_foto8-150x113.jpg"},"modern-property-child-slider":{"file":"i44218_foto8-680x510.jpg","width":680,"height":510,"mime-type":"image\/jpeg","filesize":38549,"url":"https:\/\/www.imobiliariajc2.com.br\/novo\/wp-content\/uploads\/2026\/08\/i44218_foto8-680x510.jpg"},"property-thumb-image":{"file":"i44218_foto8-488x326.jpg","width":488,"height":326,"mime-type":"image\/jpeg","filesize":20341,"url":"https:\/\/www.imobiliariajc2.com.br\/novo\/wp-content\/uploads\/2026\/08\/i44218_foto8-488x326.jpg"},"property-detail-video-image":{"file":"i44218_foto8-800x417.jpg","width":800,"height":417,"mime-type":"image\/jpeg","filesize":41481,"url":"https:\/\/www.imobiliariajc2.com.br\/novo\/wp-content\/uploads\/2026\/08\/i44218_foto8-800x417.jpg"},"agent-image":{"file":"i44218_foto8-210x210.jpg","width":210,"height":210,"mime-type":"image\/jpeg","filesize":7773,"url":"https:\/\/www.imobiliariajc2.com.br\/novo\/wp-content\/uploads\/2026\/08\/i44218_foto8-210x210.jpg"},"partners-logo":{"file":"i44218_foto8-600x600.jpg","width":600,"height":600,"mime-type":"image\/jpeg","filesize":47201,"url":"https:\/\/www.imobiliariajc2.com.br\/novo\/wp-content\/uploads\/2026\/08\/i44218_foto8-600x600.jpg"}},"image_meta":{"aperture":"0","credit":"","camera":"","caption":"","created_timestamp":"0","copyright":"","focal_length":"0","iso":"0","shutter_speed":"0","title":"","orientation":"0","keywords":[],"alt":""},"ID":"458523","name":"i44218_foto8.jpg","path":"\/home1\/imobiliariajc2\/public_html\/novo\/wp-content\/uploads\/2026\/08\/i44218_foto8.jpg","url":"https:\/\/www.imobiliariajc2.com.br\/novo\/wp-content\/uploads\/2026\/08\/i44218_foto8-150x150.jpg","full_url":"https:\/\/www.imobiliariajc2.com.br\/novo\/wp-content\/uploads\/2026\/08\/i44218_foto8.jpg","title":"i44218_foto8","caption":"","description":"","alt":"","srcset":"https:\/\/www.imobiliariajc2.com.br\/novo\/wp-content\/uploads\/2026\/08\/i44218_foto8-150x150.jpg 150w, https:\/\/www.imobiliariajc2.com.br\/novo\/wp-content\/uploads\/2026\/08\/i44218_foto8-210x210.jpg 210w, https:\/\/www.imobiliariajc2.com.br\/novo\/wp-content\/uploads\/2026\/08\/i44218_foto8-600x600.jpg 600w"},{"width":150,"height":150,"file":"2026\/08\/i44218_foto17.jpg","filesize":69506,"sizes":{"medium":{"file":"i44218_foto17-300x225.jpg","width":300,"height":225,"mime-type":"image\/jpeg","filesize":8517,"url":"https:\/\/www.imobiliariajc2.com.br\/novo\/wp-content\/uploads\/2026\/08\/i44218_foto17-300x225.jpg"},"thumbnail":{"file":"i44218_foto17-150x150.jpg","width":150,"height":150,"mime-type":"image\/jpeg","filesize":4305,"url":"https:\/\/www.imobiliariajc2.com.br\/novo\/wp-content\/uploads\/2026\/08\/i44218_foto17-150x150.jpg"},"medium_large":{"file":"i44218_foto17-768x576.jpg","width":768,"height":576,"mime-type":"image\/jpeg","filesize":37173,"url":"https:\/\/www.imobiliariajc2.com.br\/novo\/wp-content\/uploads\/2026\/08\/i44218_foto17-768x576.jpg"},"post-thumbnail":{"file":"i44218_foto17-150x113.jpg","width":150,"height":113,"mime-type":"image\/jpeg","filesize":3419,"url":"https:\/\/www.imobiliariajc2.com.br\/novo\/wp-content\/uploads\/2026\/08\/i44218_foto17-150x113.jpg"},"modern-property-child-slider":{"file":"i44218_foto17-680x510.jpg","width":680,"height":510,"mime-type":"image\/jpeg","filesize":30433,"url":"https:\/\/www.imobiliariajc2.com.br\/novo\/wp-content\/uploads\/2026\/08\/i44218_foto17-680x510.jpg"},"property-thumb-image":{"file":"i44218_foto17-488x326.jpg","width":488,"height":326,"mime-type":"image\/jpeg","filesize":16700,"url":"https:\/\/www.imobiliariajc2.com.br\/novo\/wp-content\/uploads\/2026\/08\/i44218_foto17-488x326.jpg"},"property-detail-video-image":{"file":"i44218_foto17-800x417.jpg","width":800,"height":417,"mime-type":"image\/jpeg","filesize":35098,"url":"https:\/\/www.imobiliariajc2.com.br\/novo\/wp-content\/uploads\/2026\/08\/i44218_foto17-800x417.jpg"},"agent-image":{"file":"i44218_foto17-210x210.jpg","width":210,"height":210,"mime-type":"image\/jpeg","filesize":6819,"url":"https:\/\/www.imobiliariajc2.com.br\/novo\/wp-content\/uploads\/2026\/08\/i44218_foto17-210x210.jpg"},"partners-logo":{"file":"i44218_foto17-600x600.jpg","width":600,"height":600,"mime-type":"image\/jpeg","filesize":37877,"url":"https:\/\/www.imobiliariajc2.com.br\/novo\/wp-content\/uploads\/2026\/08\/i44218_foto17-600x600.jpg"}},"image_meta":{"aperture":"0","credit":"","camera":"","caption":"","created_timestamp":"0","copyright":"","focal_length":"0","iso":"0","shutter_speed":"0","title":"","orientation":"0","keywords":[],"alt":""},"ID":"458524","name":"i44218_foto17.jpg","path":"\/home1\/imobiliariajc2\/public_html\/novo\/wp-content\/uploads\/2026\/08\/i44218_foto17.jpg","url":"https:\/\/www.imobiliariajc2.com.br\/novo\/wp-content\/uploads\/2026\/08\/i44218_foto17-150x150.jpg","full_url":"https:\/\/www.imobiliariajc2.com.br\/novo\/wp-content\/uploads\/2026\/08\/i44218_foto17.jpg","title":"i44218_foto17","caption":"","description":"","alt":"","srcset":"https:\/\/www.imobiliariajc2.com.br\/novo\/wp-content\/uploads\/2026\/08\/i44218_foto17-150x150.jpg 150w, https:\/\/www.imobiliariajc2.com.br\/novo\/wp-content\/uploads\/2026\/08\/i44218_foto17-210x210.jpg 210w, https:\/\/www.imobiliariajc2.com.br\/novo\/wp-content\/uploads\/2026\/08\/i44218_foto17-600x600.jpg 600w"},{"width":150,"height":150,"file":"2026\/08\/i44218_foto7.jpg","filesize":71224,"sizes":{"medium":{"file":"i44218_foto7-300x225.jpg","width":300,"height":225,"mime-type":"image\/jpeg","filesize":8881,"url":"https:\/\/www.imobiliariajc2.com.br\/novo\/wp-content\/uploads\/2026\/08\/i44218_foto7-300x225.jpg"},"thumbnail":{"file":"i44218_foto7-150x150.jpg","width":150,"height":150,"mime-type":"image\/jpeg","filesize":4551,"url":"https:\/\/www.imobiliariajc2.com.br\/novo\/wp-content\/uploads\/2026\/08\/i44218_foto7-150x150.jpg"},"medium_large":{"file":"i44218_foto7-768x576.jpg","width":768,"height":576,"mime-type":"image\/jpeg","filesize":38555,"url":"https:\/\/www.imobiliariajc2.com.br\/novo\/wp-content\/uploads\/2026\/08\/i44218_foto7-768x576.jpg"},"post-thumbnail":{"file":"i44218_foto7-150x113.jpg","width":150,"height":113,"mime-type":"image\/jpeg","filesize":3551,"url":"https:\/\/www.imobiliariajc2.com.br\/novo\/wp-content\/uploads\/2026\/08\/i44218_foto7-150x113.jpg"},"modern-property-child-slider":{"file":"i44218_foto7-680x510.jpg","width":680,"height":510,"mime-type":"image\/jpeg","filesize":31932,"url":"https:\/\/www.imobiliariajc2.com.br\/novo\/wp-content\/uploads\/2026\/08\/i44218_foto7-680x510.jpg"},"property-thumb-image":{"file":"i44218_foto7-488x326.jpg","width":488,"height":326,"mime-type":"image\/jpeg","filesize":17495,"url":"https:\/\/www.imobiliariajc2.com.br\/novo\/wp-content\/uploads\/2026\/08\/i44218_foto7-488x326.jpg"},"property-detail-video-image":{"file":"i44218_foto7-800x417.jpg","width":800,"height":417,"mime-type":"image\/jpeg","filesize":33801,"url":"https:\/\/www.imobiliariajc2.com.br\/novo\/wp-content\/uploads\/2026\/08\/i44218_foto7-800x417.jpg"},"agent-image":{"file":"i44218_foto7-210x210.jpg","width":210,"height":210,"mime-type":"image\/jpeg","filesize":7185,"url":"https:\/\/www.imobiliariajc2.com.br\/novo\/wp-content\/uploads\/2026\/08\/i44218_foto7-210x210.jpg"},"partners-logo":{"file":"i44218_foto7-600x600.jpg","width":600,"height":600,"mime-type":"image\/jpeg","filesize":38921,"url":"https:\/\/www.imobiliariajc2.com.br\/novo\/wp-content\/uploads\/2026\/08\/i44218_foto7-600x600.jpg"}},"image_meta":{"aperture":"0","credit":"","camera":"","caption":"","created_timestamp":"0","copyright":"","focal_length":"0","iso":"0","shutter_speed":"0","title":"","orientation":"0","keywords":[],"alt":""},"ID":"458525","name":"i44218_foto7.jpg","path":"\/home1\/imobiliariajc2\/public_html\/novo\/wp-content\/uploads\/2026\/08\/i44218_foto7.jpg","url":"https:\/\/www.imobiliariajc2.com.br\/novo\/wp-content\/uploads\/2026\/08\/i44218_foto7-150x150.jpg","full_url":"https:\/\/www.imobiliariajc2.com.br\/novo\/wp-content\/uploads\/2026\/08\/i44218_foto7.jpg","title":"i44218_foto7","caption":"","description":"","alt":"","srcset":"https:\/\/www.imobiliariajc2.com.br\/novo\/wp-content\/uploads\/2026\/08\/i44218_foto7-150x150.jpg 150w, https:\/\/www.imobiliariajc2.com.br\/novo\/wp-content\/uploads\/2026\/08\/i44218_foto7-210x210.jpg 210w, https:\/\/www.imobiliariajc2.com.br\/novo\/wp-content\/uploads\/2026\/08\/i44218_foto7-600x600.jpg 600w"},{"width":150,"height":150,"file":"2026\/08\/i44218_foto12.jpg","filesize":79458,"sizes":{"medium":{"file":"i44218_foto12-300x225.jpg","width":300,"height":225,"mime-type":"image\/jpeg","filesize":10927,"url":"https:\/\/www.imobiliariajc2.com.br\/novo\/wp-content\/uploads\/2026\/08\/i44218_foto12-300x225.jpg"},"thumbnail":{"file":"i44218_foto12-150x150.jpg","width":150,"height":150,"mime-type":"image\/jpeg","filesize":5086,"url":"https:\/\/www.imobiliariajc2.com.br\/novo\/wp-content\/uploads\/2026\/08\/i44218_foto12-150x150.jpg"},"medium_large":{"file":"i44218_foto12-768x576.jpg","width":768,"height":576,"mime-type":"image\/jpeg","filesize":43909,"url":"https:\/\/www.imobiliariajc2.com.br\/novo\/wp-content\/uploads\/2026\/08\/i44218_foto12-768x576.jpg"},"post-thumbnail":{"file":"i44218_foto12-150x113.jpg","width":150,"height":113,"mime-type":"image\/jpeg","filesize":4367,"url":"https:\/\/www.imobiliariajc2.com.br\/novo\/wp-content\/uploads\/2026\/08\/i44218_foto12-150x113.jpg"},"modern-property-child-slider":{"file":"i44218_foto12-680x510.jpg","width":680,"height":510,"mime-type":"image\/jpeg","filesize":36598,"url":"https:\/\/www.imobiliariajc2.com.br\/novo\/wp-content\/uploads\/2026\/08\/i44218_foto12-680x510.jpg"},"property-thumb-image":{"file":"i44218_foto12-488x326.jpg","width":488,"height":326,"mime-type":"image\/jpeg","filesize":19671,"url":"https:\/\/www.imobiliariajc2.com.br\/novo\/wp-content\/uploads\/2026\/08\/i44218_foto12-488x326.jpg"},"property-detail-video-image":{"file":"i44218_foto12-800x417.jpg","width":800,"height":417,"mime-type":"image\/jpeg","filesize":34938,"url":"https:\/\/www.imobiliariajc2.com.br\/novo\/wp-content\/uploads\/2026\/08\/i44218_foto12-800x417.jpg"},"agent-image":{"file":"i44218_foto12-210x210.jpg","width":210,"height":210,"mime-type":"image\/jpeg","filesize":7982,"url":"https:\/\/www.imobiliariajc2.com.br\/novo\/wp-content\/uploads\/2026\/08\/i44218_foto12-210x210.jpg"},"partners-logo":{"file":"i44218_foto12-600x600.jpg","width":600,"height":600,"mime-type":"image\/jpeg","filesize":40073,"url":"https:\/\/www.imobiliariajc2.com.br\/novo\/wp-content\/uploads\/2026\/08\/i44218_foto12-600x600.jpg"}},"image_meta":{"aperture":"0","credit":"","camera":"","caption":"","created_timestamp":"0","copyright":"","focal_length":"0","iso":"0","shutter_speed":"0","title":"","orientation":"0","keywords":[],"alt":""},"ID":"458526","name":"i44218_foto12.jpg","path":"\/home1\/imobiliariajc2\/public_html\/novo\/wp-content\/uploads\/2026\/08\/i44218_foto12.jpg","url":"https:\/\/www.imobiliariajc2.com.br\/novo\/wp-content\/uploads\/2026\/08\/i44218_foto12-150x150.jpg","full_url":"https:\/\/www.imobiliariajc2.com.br\/novo\/wp-content\/uploads\/2026\/08\/i44218_foto12.jpg","title":"i44218_foto12","caption":"","description":"","alt":"","srcset":"https:\/\/www.imobiliariajc2.com.br\/novo\/wp-content\/uploads\/2026\/08\/i44218_foto12-150x150.jpg 150w, https:\/\/www.imobiliariajc2.com.br\/novo\/wp-content\/uploads\/2026\/08\/i44218_foto12-210x210.jpg 210w, https:\/\/www.imobiliariajc2.com.br\/novo\/wp-content\/uploads\/2026\/08\/i44218_foto12-600x600.jpg 600w"},{"width":150,"height":150,"file":"2026\/08\/i44218_foto1.jpg","filesize":80611,"sizes":{"medium":{"file":"i44218_foto1-300x225.jpg","width":300,"height":225,"mime-type":"image\/jpeg","filesize":10504,"url":"https:\/\/www.imobiliariajc2.com.br\/novo\/wp-content\/uploads\/2026\/08\/i44218_foto1-300x225.jpg"},"thumbnail":{"file":"i44218_foto1-150x150.jpg","width":150,"height":150,"mime-type":"image\/jpeg","filesize":4575,"url":"https:\/\/www.imobiliariajc2.com.br\/novo\/wp-content\/uploads\/2026\/08\/i44218_foto1-150x150.jpg"},"medium_large":{"file":"i44218_foto1-768x576.jpg","width":768,"height":576,"mime-type":"image\/jpeg","filesize":42649,"url":"https:\/\/www.imobiliariajc2.com.br\/novo\/wp-content\/uploads\/2026\/08\/i44218_foto1-768x576.jpg"},"post-thumbnail":{"file":"i44218_foto1-150x113.jpg","width":150,"height":113,"mime-type":"image\/jpeg","filesize":4285,"url":"https:\/\/www.imobiliariajc2.com.br\/novo\/wp-content\/uploads\/2026\/08\/i44218_foto1-150x113.jpg"},"modern-property-child-slider":{"file":"i44218_foto1-680x510.jpg","width":680,"height":510,"mime-type":"image\/jpeg","filesize":35397,"url":"https:\/\/www.imobiliariajc2.com.br\/novo\/wp-content\/uploads\/2026\/08\/i44218_foto1-680x510.jpg"},"property-thumb-image":{"file":"i44218_foto1-488x326.jpg","width":488,"height":326,"mime-type":"image\/jpeg","filesize":19395,"url":"https:\/\/www.imobiliariajc2.com.br\/novo\/wp-content\/uploads\/2026\/08\/i44218_foto1-488x326.jpg"},"property-detail-video-image":{"file":"i44218_foto1-800x417.jpg","width":800,"height":417,"mime-type":"image\/jpeg","filesize":37371,"url":"https:\/\/www.imobiliariajc2.com.br\/novo\/wp-content\/uploads\/2026\/08\/i44218_foto1-800x417.jpg"},"agent-image":{"file":"i44218_foto1-210x210.jpg","width":210,"height":210,"mime-type":"image\/jpeg","filesize":7178,"url":"https:\/\/www.imobiliariajc2.com.br\/novo\/wp-content\/uploads\/2026\/08\/i44218_foto1-210x210.jpg"},"partners-logo":{"file":"i44218_foto1-600x600.jpg","width":600,"height":600,"mime-type":"image\/jpeg","filesize":36343,"url":"https:\/\/www.imobiliariajc2.com.br\/novo\/wp-content\/uploads\/2026\/08\/i44218_foto1-600x600.jpg"}},"image_meta":{"aperture":"0","credit":"","camera":"","caption":"","created_timestamp":"0","copyright":"","focal_length":"0","iso":"0","shutter_speed":"0","title":"","orientation":"0","keywords":[],"alt":""},"ID":"458527","name":"i44218_foto1.jpg","path":"\/home1\/imobiliariajc2\/public_html\/novo\/wp-content\/uploads\/2026\/08\/i44218_foto1.jpg","url":"https:\/\/www.imobiliariajc2.com.br\/novo\/wp-content\/uploads\/2026\/08\/i44218_foto1-150x150.jpg","full_url":"https:\/\/www.imobiliariajc2.com.br\/novo\/wp-content\/uploads\/2026\/08\/i44218_foto1.jpg","title":"i44218_foto1","caption":"","description":"","alt":"","srcset":"https:\/\/www.imobiliariajc2.com.br\/novo\/wp-content\/uploads\/2026\/08\/i44218_foto1-150x150.jpg 150w, https:\/\/www.imobiliariajc2.com.br\/novo\/wp-content\/uploads\/2026\/08\/i44218_foto1-210x210.jpg 210w, https:\/\/www.imobiliariajc2.com.br\/novo\/wp-content\/uploads\/2026\/08\/i44218_foto1-600x600.jpg 600w"}],"REAL_HOMES_change_gallery_slider_type":"","REAL_HOMES_gallery_slider_type":"thumb-on-right","inspiry_floor_plans":[],"inspiry_video_group":[],"REAL_HOMES_360_virtual_tour":"","REAL_HOMES_agent_display_option":"agent_info","REAL_HOMES_agents":["110"],"REAL_HOMES_energy_class":"none","REAL_HOMES_energy_performance":"","REAL_HOMES_epc_current_rating":"","REAL_HOMES_epc_potential_rating":"","ere_property_schedule_tour":"","ere_property_schedule_time_slots":"","ere_property_schedule_description":"","REAL_HOMES_sticky":"","inspiry_property_label":"","inspiry_property_label_color":"","inspiry_property_tax":"","inspiry_additional_fee":"","REAL_HOMES_attachments":[],"inspiry_property_owner_name":"","inspiry_property_owner_contact":"","inspiry_property_owner_address":"","REAL_HOMES_property_private_note":"","inspiry_message_to_reviewer":"","REAL_HOMES_add_in_slider":"no","REAL_HOMES_slider_image":[],"REAL_HOMES_page_banner_image":[],"REAL_HOMES_hide_property_advance_search":"","REAL_HOMES_custom_header_display":"","REAL_HOMES_custom_header_position":"","REAL_HOMES_custom_footer_display":"","REAL_HOMES_hide_advance_search":"","REAL_HOMES_custom_search_form":"","REAL_HOMES_search_form_margin_top":"","REAL_HOMES_search_form_margin_bottom":""},"_links":{"self":[{"href":"https:\/\/www.imobiliariajc2.com.br\/novo\/wp-json\/wp\/v2\/properties\/386101","targetHints":{"allow":["GET"]}}],"collection":[{"href":"https:\/\/www.imobiliariajc2.com.br\/novo\/wp-json\/wp\/v2\/properties"}],"about":[{"href":"https:\/\/www.imobiliariajc2.com.br\/novo\/wp-json\/wp\/v2\/types\/property"}],"replies":[{"embeddable":true,"href":"https:\/\/www.imobiliariajc2.com.br\/novo\/wp-json\/wp\/v2\/comments?post=386101"}],"version-history":[{"count":0,"href":"https:\/\/www.imobiliariajc2.com.br\/novo\/wp-json\/wp\/v2\/properties\/386101\/revisions"}],"wp:featuredmedia":[{"embeddable":true,"href":"https:\/\/www.imobiliariajc2.com.br\/novo\/wp-json\/wp\/v2\/media\/458508"}],"wp:attachment":[{"href":"https:\/\/www.imobiliariajc2.com.br\/novo\/wp-json\/wp\/v2\/media?parent=386101"}],"wp:term":[{"taxonomy":"property-feature","embeddable":true,"href":"https:\/\/www.imobiliariajc2.com.br\/novo\/wp-json\/wp\/v2\/im\u00f3vel-caracter\u00edsticas?post=386101"},{"taxonomy":"property-type","embeddable":true,"href":"https:\/\/www.imobiliariajc2.com.br\/novo\/wp-json\/wp\/v2\/im\u00f3vel-tipos?post=386101"},{"taxonomy":"property-city","embeddable":true,"href":"https:\/\/www.imobiliariajc2.com.br\/novo\/wp-json\/wp\/v2\/im\u00f3veis-cidades?post=386101"},{"taxonomy":"property-status","embeddable":true,"href":"https:\/\/www.imobiliariajc2.com.br\/novo\/wp-json\/wp\/v2\/im\u00f3vel-estados?post=386101"}],"curies":[{"name":"wp","href":"https:\/\/api.w.org\/{rel}","templated":true}]}}